{"id":4876,"date":"2018-06-29T23:04:55","date_gmt":"2018-06-29T23:04:55","guid":{"rendered":"http:\/\/esrawe.com\/2018esrawe\/?page_id=4876"},"modified":"2018-09-11T15:23:48","modified_gmt":"2018-09-11T15:23:48","slug":"vitrina","status":"publish","type":"page","link":"https:\/\/esrawe.com\/2018esrawe\/noticias\/vitrina\/","title":{"rendered":"Vitrina"},"content":{"rendered":"<p><img loading=\"lazy\" class=\"alignnone size-full wp-image-4877\" src=\"https:\/\/i2.wp.com\/esrawe.com\/2018esrawe\/wp-content\/uploads\/2018\/06\/vitrina-1.jpg?resize=500%2C500&#038;ssl=1\" alt=\"\" width=\"500\" height=\"500\" srcset=\"https:\/\/i2.wp.com\/esrawe.com\/2018esrawe\/wp-content\/uploads\/2018\/06\/vitrina-1.jpg?w=500&amp;ssl=1 500w, https:\/\/i2.wp.com\/esrawe.com\/2018esrawe\/wp-content\/uploads\/2018\/06\/vitrina-1.jpg?resize=150%2C150&amp;ssl=1 150w, https:\/\/i2.wp.com\/esrawe.com\/2018esrawe\/wp-content\/uploads\/2018\/06\/vitrina-1.jpg?resize=300%2C300&amp;ssl=1 300w\" sizes=\"(max-width: 500px) 100vw, 500px\" data-recalc-dims=\"1\" \/><\/p>\n<h1 class=\"title_interior\" style=\"font-size: 13px; padding-top: 46px; padding-bottom: 26px; text-align: center;\"><strong>Vitrina \/ Tercera Edici\u00f3n<\/strong><\/h1>\n<p class=\"p1 parrafo\" style=\"text-align: center; font-size: 11px; padding-bottom: 20px; padding-left: 10%; padding-right: 10%;\">El trabajo de dos vertientes del dise\u00f1o contempor\u00e1neo; Dise\u00f1o Industrial y Moda. Estas se unen para la creaci\u00f3n de una composici\u00f3n visual de gran carga est\u00e9tica, donde lo cotidiano, la t\u00e9cnica y el acto de habitar el espacio se entrelazan para la realizaci\u00f3n de esta instalaci\u00f3n, en la que la proyecci\u00f3n del trazo de un objeto de dise\u00f1o (en particular la Mesa OCD) gu\u00eda al bordado. Estos dos elementos en su origen pensados desde la funcionalidad, por un instante y un punto espec\u00edfico se vinculan en el espacio para adoptar un sentido de unidad ornamental, un todo.<\/p>\n<p class=\"p1 parrafo\" style=\"text-align: center; font-size: 11px; padding-bottom: 20px; padding-left: 10%; padding-right: 10%;\">Esrawe y\u00a0<span class=\"s1\">1\/8\u00a0<\/span>Takamura cobijados por lo ef\u00edmero, buscan atraer al espectador en un juego de planos y yuxtaposici\u00f3n para descubrir el enigma de la perspectiva en una acci\u00f3n de coexistencia. Al finalizar la instalaci\u00f3n; el todo y la memoria del mismo se diluir\u00e1n en lo individual.<\/p>\n","protected":false},"excerpt":{"rendered":"<p>Vitrina \/ Tercera Edici\u00f3n El trabajo de dos vertientes del dise\u00f1o contempor\u00e1neo; Dise\u00f1o Industrial y Moda. Estas se unen para la creaci\u00f3n de una composici\u00f3n visual de gran carga est\u00e9tica, donde lo cotidiano, la t\u00e9cnica y el acto de habitar el espacio se entrelazan para la realizaci\u00f3n de esta instalaci\u00f3n, en la que la proyecci\u00f3n&#8230;<\/p>\n","protected":false},"author":2,"featured_media":0,"parent":4895,"menu_order":0,"comment_status":"closed","ping_status":"closed","template":"","meta":[],"categories":[],"tags":[],"_links":{"self":[{"href":"https:\/\/esrawe.com\/2018esrawe\/wp-json\/wp\/v2\/pages\/4876"}],"collection":[{"href":"https:\/\/esrawe.com\/2018esrawe\/wp-json\/wp\/v2\/pages"}],"about":[{"href":"https:\/\/esrawe.com\/2018esrawe\/wp-json\/wp\/v2\/types\/page"}],"author":[{"embeddable":true,"href":"https:\/\/esrawe.com\/2018esrawe\/wp-json\/wp\/v2\/users\/2"}],"replies":[{"embeddable":true,"href":"https:\/\/esrawe.com\/2018esrawe\/wp-json\/wp\/v2\/comments?post=4876"}],"version-history":[{"count":2,"href":"https:\/\/esrawe.com\/2018esrawe\/wp-json\/wp\/v2\/pages\/4876\/revisions"}],"predecessor-version":[{"id":7819,"href":"https:\/\/esrawe.com\/2018esrawe\/wp-json\/wp\/v2\/pages\/4876\/revisions\/7819"}],"up":[{"embeddable":true,"href":"https:\/\/esrawe.com\/2018esrawe\/wp-json\/wp\/v2\/pages\/4895"}],"wp:attachment":[{"href":"https:\/\/esrawe.com\/2018esrawe\/wp-json\/wp\/v2\/media?parent=4876"}],"wp:term":[{"taxonomy":"category","embeddable":true,"href":"https:\/\/esrawe.com\/2018esrawe\/wp-json\/wp\/v2\/categories?post=4876"},{"taxonomy":"post_tag","embeddable":true,"href":"https:\/\/esrawe.com\/2018esrawe\/wp-json\/wp\/v2\/tags?post=4876"}],"curies":[{"name":"wp","href":"https:\/\/api.w.org\/{rel}","templated":true}]}}